{"id":4078,"date":"2024-03-26T21:49:59","date_gmt":"2024-03-26T19:49:59","guid":{"rendered":"http:\/\/edgars.tma-hosting.de\/?page_id=4078"},"modified":"2024-03-26T21:53:24","modified_gmt":"2024-03-26T19:53:24","slug":"jauktais-koris-balti","status":"publish","type":"page","link":"https:\/\/kultura.jelgava.lv\/en\/jauktais-koris-balti\/","title":{"rendered":"Mixed Choir \"Balti\""},"content":{"rendered":"<div data-elementor-type=\"wp-page\" data-elementor-id=\"4078\" class=\"elementor elementor-4078\" data-elementor-post-type=\"page\">\n\t\t\t\t\t\t<section class=\"elementor-section elementor-top-section elementor-element elementor-element-5a7d32c3 elementor-section-full_width elementor-section-height-min-height elementor-section-height-default elementor-section-items-middle\" data-id=\"5a7d32c3\" data-element_type=\"section\" data-e-type=\"section\" data-settings=\"{&quot;background_background&quot;:&quot;classic&quot;}\">\n\t\t\t\t\t\t\t<div class=\"elementor-background-overlay\"><\/div>\n\t\t\t\t\t\t\t<div class=\"elementor-container elementor-column-gap-no\">\n\t\t\t\t\t<div class=\"elementor-column elementor-col-100 elementor-top-column elementor-element elementor-element-1f2b2c8d\" data-id=\"1f2b2c8d\" data-element_type=\"column\" data-e-type=\"column\">\n\t\t\t<div class=\"elementor-widget-wrap elementor-element-populated\">\n\t\t\t\t\t\t<div class=\"elementor-element elementor-element-651e7460 animated-slow elementor-invisible elementor-widget elementor-widget-heading\" data-id=\"651e7460\" data-element_type=\"widget\" data-e-type=\"widget\" data-settings=\"{&quot;_animation&quot;:&quot;fadeIn&quot;,&quot;_animation_delay&quot;:300}\" data-widget_type=\"heading.default\">\n\t\t\t\t<div class=\"elementor-widget-container\">\n\t\t\t\t\t<h2 class=\"elementor-heading-title elementor-size-default\">MIXED CHOIR \"BALTI\"<\/h2>\t\t\t\t<\/div>\n\t\t\t\t<\/div>\n\t\t\t\t\t<\/div>\n\t\t<\/div>\n\t\t\t\t\t<\/div>\n\t\t<\/section>\n\t\t\t\t<section class=\"elementor-section elementor-top-section elementor-element elementor-element-83de8c0 elementor-section-boxed elementor-section-height-default elementor-section-height-default\" data-id=\"83de8c0\" data-element_type=\"section\" data-e-type=\"section\" data-settings=\"{&quot;background_background&quot;:&quot;classic&quot;}\">\n\t\t\t\t\t\t\t<div class=\"elementor-background-overlay\"><\/div>\n\t\t\t\t\t\t\t<div class=\"elementor-container elementor-column-gap-no\">\n\t\t\t\t\t<div class=\"elementor-column elementor-col-100 elementor-top-column elementor-element elementor-element-80a1cd4\" data-id=\"80a1cd4\" data-element_type=\"column\" data-e-type=\"column\">\n\t\t\t<div class=\"elementor-widget-wrap elementor-element-populated\">\n\t\t\t\t\t\t<section class=\"elementor-section elementor-inner-section elementor-element elementor-element-bda2d97 elementor-section-full_width elementor-section-height-default elementor-section-height-default\" data-id=\"bda2d97\" data-element_type=\"section\" data-e-type=\"section\">\n\t\t\t\t\t\t<div class=\"elementor-container elementor-column-gap-no\">\n\t\t\t\t\t<div class=\"elementor-column elementor-col-50 elementor-inner-column elementor-element elementor-element-1aaa2a4\" data-id=\"1aaa2a4\" data-element_type=\"column\" data-e-type=\"column\">\n\t\t\t<div class=\"elementor-widget-wrap elementor-element-populated\">\n\t\t\t\t\t\t<div class=\"elementor-element elementor-element-8771f3c elementor-widget elementor-widget-text-editor\" data-id=\"8771f3c\" data-element_type=\"widget\" data-e-type=\"widget\" data-widget_type=\"text-editor.default\">\n\t\t\t\t<div class=\"elementor-widget-container\">\n\t\t\t\t\t\t\t\t\t<div class=\"joined-leader\"><p><strong><span style=\"color: #a79870;\">MANAGERS:<\/span> MAIJA UN \u0112RIKS BRANKAS<\/strong><\/p><\/div><div class=\"joined-phone\"><p><strong><span style=\"color: #a79870;\">PHONE:<\/span> 29931881<\/strong><\/p><\/div><div class=\"joined-lesson\"><strong><span style=\"color: #a79870;\">LESSONS:<\/span> WEDNESDAYS FROM 19.00 \u2013 21.00 AND ON SATURDAYS FROM 9.30 a.m. \u2013 1 p.m<\/strong><\/div>\t\t\t\t\t\t\t\t<\/div>\n\t\t\t\t<\/div>\n\t\t\t\t\t<\/div>\n\t\t<\/div>\n\t\t\t\t<div class=\"elementor-column elementor-col-50 elementor-inner-column elementor-element elementor-element-713b871\" data-id=\"713b871\" data-element_type=\"column\" data-e-type=\"column\">\n\t\t\t<div class=\"elementor-widget-wrap elementor-element-populated\">\n\t\t\t\t\t\t<div class=\"elementor-element elementor-element-8b7b6fb elementor-widget elementor-widget-image\" data-id=\"8b7b6fb\" data-element_type=\"widget\" data-e-type=\"widget\" data-widget_type=\"image.default\">\n\t\t\t\t<div class=\"elementor-widget-container\">\n\t\t\t\t\t\t\t\t\t\t\t\t\t\t\t<img decoding=\"async\" width=\"200\" height=\"200\" src=\"https:\/\/kultura.jelgava.lv\/wp-content\/uploads\/2024\/03\/balti_logo.jpg\" class=\"attachment-large size-large wp-image-4083\" alt=\"\" srcset=\"https:\/\/kultura.jelgava.lv\/wp-content\/uploads\/2024\/03\/balti_logo.jpg 200w, https:\/\/kultura.jelgava.lv\/wp-content\/uploads\/2024\/03\/balti_logo-150x150.jpg 150w, https:\/\/kultura.jelgava.lv\/wp-content\/uploads\/2024\/03\/balti_logo-12x12.jpg 12w\" sizes=\"(max-width: 200px) 100vw, 200px\" \/>\t\t\t\t\t\t\t\t\t\t\t\t\t\t\t<\/div>\n\t\t\t\t<\/div>\n\t\t\t\t\t<\/div>\n\t\t<\/div>\n\t\t\t\t\t<\/div>\n\t\t<\/section>\n\t\t\t\t\t<\/div>\n\t\t<\/div>\n\t\t\t\t\t<\/div>\n\t\t<\/section>\n\t\t<div class=\"elementor-element elementor-element-29af69c e-flex e-con-boxed e-con e-parent\" data-id=\"29af69c\" data-element_type=\"container\" data-e-type=\"container\">\n\t\t\t\t\t<div class=\"e-con-inner\">\n\t\t\t\t<div class=\"elementor-element elementor-element-7762a3a elementor-widget elementor-widget-text-editor\" data-id=\"7762a3a\" data-element_type=\"widget\" data-e-type=\"widget\" data-widget_type=\"text-editor.default\">\n\t\t\t\t<div class=\"elementor-widget-container\">\n\t\t\t\t\t\t\t\t\t<p>The mixed choir \"Balti\" under the leadership of Maija and Erika Branka was born at the end of 2015, by the reunification of the singers who started together as a choir already during school. Since the 2016\/2017 season, the choir has joined the family of JPPI \"Kult\u016bra\" collectives, and many musical young people from Jelgava have joined its ranks.\u00a0<\/p><p>The choir sings mainly 18-30-year-old singers, who are united by the love of song, purposefulness and the joy of being together.\u00a0<\/p><p>\"Balti\" is actively involved in Jelgava's cultural life, performing at the city's cultural events, creating its own concert programs, participating in choir festivals in Latvian cities and beyond its borders.<\/p>\t\t\t\t\t\t\t\t<\/div>\n\t\t\t\t<\/div>\n\t\t\t\t\t<\/div>\n\t\t\t\t<\/div>\n\t\t<div class=\"elementor-element elementor-element-61105ee e-flex e-con-boxed e-con e-parent\" data-id=\"61105ee\" data-element_type=\"container\" data-e-type=\"container\" data-settings=\"{&quot;background_background&quot;:&quot;gradient&quot;,&quot;shape_divider_top&quot;:&quot;mountains&quot;}\">\n\t\t\t\t\t<div class=\"e-con-inner\">\n\t\t\t\t<div class=\"elementor-shape elementor-shape-top\" aria-hidden=\"true\" data-negative=\"false\">\n\t\t\t<svg xmlns=\"http:\/\/www.w3.org\/2000\/svg\" viewbox=\"0 0 1000 100\" preserveaspectratio=\"none\">\n\t<path class=\"elementor-shape-fill\" opacity=\"0.33\" d=\"M473,67.3c-203.9,88.3-263.1-34-320.3,0C66,119.1,0,59.7,0,59.7V0h1000v59.7 c0,0-62.1,26.1-94.9,29.3c-32.8,3.3-62.8-12.3-75.8-22.1C806,49.6,745.3,8.7,694.9,4.7S492.4,59,473,67.3z\"\/>\n\t<path class=\"elementor-shape-fill\" opacity=\"0.66\" d=\"M734,67.3c-45.5,0-77.2-23.2-129.1-39.1c-28.6-8.7-150.3-10.1-254,39.1 s-91.7-34.4-149.2,0C115.7,118.3,0,39.8,0,39.8V0h1000v36.5c0,0-28.2-18.5-92.1-18.5C810.2,18.1,775.7,67.3,734,67.3z\"\/>\n\t<path class=\"elementor-shape-fill\" d=\"M766.1,28.9c-200-57.5-266,65.5-395.1,19.5C242,1.8,242,5.4,184.8,20.6C128,35.8,132.3,44.9,89.9,52.5C28.6,63.7,0,0,0,0 h1000c0,0-9.9,40.9-83.6,48.1S829.6,47,766.1,28.9z\"\/>\n<\/svg>\t\t<\/div>\n\t\t\t\t<div class=\"elementor-element elementor-element-5d6c438 elementor-widget elementor-widget-heading\" data-id=\"5d6c438\" data-element_type=\"widget\" data-e-type=\"widget\" data-widget_type=\"heading.default\">\n\t\t\t\t<div class=\"elementor-widget-container\">\n\t\t\t\t\t<h2 class=\"elementor-heading-title elementor-size-default\">Our managers<\/h2>\t\t\t\t<\/div>\n\t\t\t\t<\/div>\n\t\t\t\t<div class=\"elementor-element elementor-element-4078477 elementor-widget elementor-widget-image\" data-id=\"4078477\" data-element_type=\"widget\" data-e-type=\"widget\" data-widget_type=\"image.default\">\n\t\t\t\t<div class=\"elementor-widget-container\">\n\t\t\t\t\t\t\t\t\t\t\t\t\t\t\t<img fetchpriority=\"high\" decoding=\"async\" width=\"340\" height=\"340\" src=\"https:\/\/kultura.jelgava.lv\/wp-content\/uploads\/2024\/03\/Branki.jpg\" class=\"attachment-large size-large wp-image-4090\" alt=\"\" srcset=\"https:\/\/kultura.jelgava.lv\/wp-content\/uploads\/2024\/03\/Branki.jpg 340w, https:\/\/kultura.jelgava.lv\/wp-content\/uploads\/2024\/03\/Branki-300x300.jpg 300w, https:\/\/kultura.jelgava.lv\/wp-content\/uploads\/2024\/03\/Branki-150x150.jpg 150w, https:\/\/kultura.jelgava.lv\/wp-content\/uploads\/2024\/03\/Branki-12x12.jpg 12w\" sizes=\"(max-width: 340px) 100vw, 340px\" \/>\t\t\t\t\t\t\t\t\t\t\t\t\t\t\t<\/div>\n\t\t\t\t<\/div>\n\t\t\t\t<div class=\"elementor-element elementor-element-6e93e75 elementor-widget elementor-widget-heading\" data-id=\"6e93e75\" data-element_type=\"widget\" data-e-type=\"widget\" data-widget_type=\"heading.default\">\n\t\t\t\t<div class=\"elementor-widget-container\">\n\t\t\t\t\t<h2 class=\"elementor-heading-title elementor-size-default\">Maija un \u0112riks Brankas<\/h2>\t\t\t\t<\/div>\n\t\t\t\t<\/div>\n\t\t\t\t\t<\/div>\n\t\t\t\t<\/div>\n\t\t\t\t<\/div>","protected":false},"excerpt":{"rendered":"<p>JAUKTAIS KORIS \u201cBALTI\u201d VAD\u012aT\u0100JI: MAIJA UN \u0112RIKS BRANKAS T\u0100LRUNIS: 29931881 NODARB\u012aBAS: TRE\u0160DIEN\u0100S NO PLKST. 19.00 &#8211; 21.00 UN SESTDIEN\u0100S NO PLKST. 9.30 &#8211; 13.00 Jauktais koris &#8220;Balti&#8221; Maijas un \u0112rika Branku vad\u012bb\u0101 radies 2015.gada nogal\u0113, no jauna apvienojoties dzied\u0101tajiem, kuri kop\u012bgas koristu gaitas uzs\u0101ka jau skolas laik\u0101.\u00a0Kop\u0161 2016.\/2017.gada sezonas koris ir pievienojies JPPI &#8221; Kult\u016bra&#8221; [&hellip;]<\/p>\n","protected":false},"author":1,"featured_media":0,"parent":0,"menu_order":0,"comment_status":"closed","ping_status":"closed","template":"","meta":{"footnotes":""},"class_list":["post-4078","page","type-page","status-publish","hentry"],"_links":{"self":[{"href":"https:\/\/kultura.jelgava.lv\/en\/wp-json\/wp\/v2\/pages\/4078","targetHints":{"allow":["GET"]}}],"collection":[{"href":"https:\/\/kultura.jelgava.lv\/en\/wp-json\/wp\/v2\/pages"}],"about":[{"href":"https:\/\/kultura.jelgava.lv\/en\/wp-json\/wp\/v2\/types\/page"}],"author":[{"embeddable":true,"href":"https:\/\/kultura.jelgava.lv\/en\/wp-json\/wp\/v2\/users\/1"}],"replies":[{"embeddable":true,"href":"https:\/\/kultura.jelgava.lv\/en\/wp-json\/wp\/v2\/comments?post=4078"}],"version-history":[{"count":13,"href":"https:\/\/kultura.jelgava.lv\/en\/wp-json\/wp\/v2\/pages\/4078\/revisions"}],"predecessor-version":[{"id":4093,"href":"https:\/\/kultura.jelgava.lv\/en\/wp-json\/wp\/v2\/pages\/4078\/revisions\/4093"}],"wp:attachment":[{"href":"https:\/\/kultura.jelgava.lv\/en\/wp-json\/wp\/v2\/media?parent=4078"}],"curies":[{"name":"wp","href":"https:\/\/api.w.org\/{rel}","templated":true}]}}